{"id":1725,"date":"2024-10-11T17:50:53","date_gmt":"2024-10-11T15:50:53","guid":{"rendered":"https:\/\/valeriegervasoni.fr\/?post_type=tribe_events&#038;p=1725"},"modified":"2025-01-04T12:37:12","modified_gmt":"2025-01-04T11:37:12","slug":"formation-reiki-usui-niveau-2-le-we-du-05-et-06-avril-2025","status":"publish","type":"tribe_events","link":"https:\/\/valeriegervasoni.fr\/index.php\/evenement\/formation-reiki-usui-niveau-2-le-we-du-05-et-06-avril-2025\/","title":{"rendered":"Formation Communication Animale et V\u00e9g\u00e9tale &#8211; Le WE du 29 et 30 mars 2025"},"content":{"rendered":"<p>L\u2019\u00e9thique La th\u00e9orie et la pratique de la t\u00e9l\u00e9pathie \u2013 Communication avec un animal \u00e0 partir d\u2019une photo \u2013 Rencontre de son animal Totem \u2013 Rencontre de l\u2019animal groupe \u2013 Communication V\u00e9g\u00e9tale<\/p>\n","protected":false},"excerpt":{"rendered":"<p>L\u2019\u00e9thique La th\u00e9orie et la pratique de la t\u00e9l\u00e9pathie \u2013 Communication avec un animal \u00e0 partir d\u2019une photo \u2013 Rencontre de son animal Totem \u2013 Rencontre de l\u2019animal groupe \u2013 [&hellip;]<\/p>\n","protected":false},"author":1,"featured_media":0,"template":"","meta":{"_price":"","_stock":"","_tribe_ticket_header":"","_tribe_default_ticket_provider":"","_ticket_start_date":"","_ticket_end_date":"","_tribe_ticket_show_description":"","_tribe_ticket_show_not_going":false,"_tribe_ticket_use_global_stock":"","_tribe_ticket_global_stock_level":"","_global_stock_mode":"","_global_stock_cap":"","_tribe_rsvp_for_event":"","_tribe_ticket_going_count":"","_tribe_ticket_not_going_count":"","_tribe_tickets_list":"[]","_tribe_ticket_has_attendee_info_fields":false,"jetpack_post_was_ever_published":false,"_tribe_events_status":"","_tribe_events_status_reason":"","footnotes":""},"tags":[],"tribe_events_cat":[],"class_list":["post-1725","tribe_events","type-tribe_events","status-publish","hentry"],"yoast_head":"<!-- This site is optimized with the Yoast SEO plugin v26.9 - https:\/\/yoast.com\/product\/yoast-seo-wordpress\/ -->\n<title>Formation Communication Animale et V\u00e9g\u00e9tale - Le WE du 29 et 30 mars 2025 - Val\u00e9rie GERVASONI<\/title>\n<meta name=\"description\" content=\"Val\u00e9rie Gervasoni Formation reiki communication animale et v\u00e9g\u00e9tale Villard de Lans vercors\" \/>\n<meta name=\"robots\" content=\"index, follow, max-snippet:-1, max-image-preview:large, max-video-preview:-1\" \/>\n<link rel=\"canonical\" href=\"https:\/\/valeriegervasoni.fr\/index.php\/evenement\/formation-reiki-usui-niveau-2-le-we-du-05-et-06-avril-2025\/\" \/>\n<meta property=\"og:locale\" content=\"fr_FR\" \/>\n<meta property=\"og:type\" content=\"article\" \/>\n<meta property=\"og:title\" content=\"Formation Communication Animale et V\u00e9g\u00e9tale - Le WE du 29 et 30 mars 2025 - Val\u00e9rie GERVASONI\" \/>\n<meta property=\"og:description\" content=\"Val\u00e9rie Gervasoni Formation reiki communication animale et v\u00e9g\u00e9tale Villard de Lans vercors\" \/>\n<meta property=\"og:url\" content=\"https:\/\/valeriegervasoni.fr\/index.php\/evenement\/formation-reiki-usui-niveau-2-le-we-du-05-et-06-avril-2025\/\" \/>\n<meta property=\"og:site_name\" content=\"Val\u00e9rie GERVASONI\" \/>\n<meta property=\"article:publisher\" content=\"https:\/\/www.facebook.com\/profile.php?id=100085889790734\" \/>\n<meta property=\"article:modified_time\" content=\"2025-01-04T11:37:12+00:00\" \/>\n<meta name=\"twitter:card\" content=\"summary_large_image\" \/>\n<meta name=\"twitter:label1\" content=\"Dur\u00e9e de lecture estim\u00e9e\" \/>\n\t<meta name=\"twitter:data1\" content=\"1 minute\" \/>\n<script type=\"application\/ld+json\" class=\"yoast-schema-graph\">{\"@context\":\"https:\/\/schema.org\",\"@graph\":[{\"@type\":\"WebPage\",\"@id\":\"https:\/\/valeriegervasoni.fr\/index.php\/evenement\/formation-reiki-usui-niveau-2-le-we-du-05-et-06-avril-2025\/\",\"url\":\"https:\/\/valeriegervasoni.fr\/index.php\/evenement\/formation-reiki-usui-niveau-2-le-we-du-05-et-06-avril-2025\/\",\"name\":\"Formation Communication Animale et V\u00e9g\u00e9tale - Le WE du 29 et 30 mars 2025 - Val\u00e9rie GERVASONI\",\"isPartOf\":{\"@id\":\"https:\/\/valeriegervasoni.fr\/#website\"},\"datePublished\":\"2024-10-11T15:50:53+00:00\",\"dateModified\":\"2025-01-04T11:37:12+00:00\",\"description\":\"Val\u00e9rie Gervasoni Formation reiki communication animale et v\u00e9g\u00e9tale Villard de Lans vercors\",\"breadcrumb\":{\"@id\":\"https:\/\/valeriegervasoni.fr\/index.php\/evenement\/formation-reiki-usui-niveau-2-le-we-du-05-et-06-avril-2025\/#breadcrumb\"},\"inLanguage\":\"fr-FR\",\"potentialAction\":[{\"@type\":\"ReadAction\",\"target\":[\"https:\/\/valeriegervasoni.fr\/index.php\/evenement\/formation-reiki-usui-niveau-2-le-we-du-05-et-06-avril-2025\/\"]}]},{\"@type\":\"BreadcrumbList\",\"@id\":\"https:\/\/valeriegervasoni.fr\/index.php\/evenement\/formation-reiki-usui-niveau-2-le-we-du-05-et-06-avril-2025\/#breadcrumb\",\"itemListElement\":[{\"@type\":\"ListItem\",\"position\":1,\"name\":\"Accueil\",\"item\":\"https:\/\/valeriegervasoni.fr\/\"},{\"@type\":\"ListItem\",\"position\":2,\"name\":\"\u00c9v\u00e8nements\",\"item\":\"https:\/\/valeriegervasoni.fr\/index.php\/evenements\/\"},{\"@type\":\"ListItem\",\"position\":3,\"name\":\"Formation Communication Animale et V\u00e9g\u00e9tale &#8211; Le WE du 29 et 30 mars 2025\"}]},{\"@type\":\"WebSite\",\"@id\":\"https:\/\/valeriegervasoni.fr\/#website\",\"url\":\"https:\/\/valeriegervasoni.fr\/\",\"name\":\"Val\u00e9rie GERVASONI\",\"description\":\"SE CONNECTER AU VIVANT POUR S\u2019OUVRIR A UN MONDE PLUS GRAND\",\"publisher\":{\"@id\":\"https:\/\/valeriegervasoni.fr\/#organization\"},\"potentialAction\":[{\"@type\":\"SearchAction\",\"target\":{\"@type\":\"EntryPoint\",\"urlTemplate\":\"https:\/\/valeriegervasoni.fr\/?s={search_term_string}\"},\"query-input\":{\"@type\":\"PropertyValueSpecification\",\"valueRequired\":true,\"valueName\":\"search_term_string\"}}],\"inLanguage\":\"fr-FR\"},{\"@type\":\"Organization\",\"@id\":\"https:\/\/valeriegervasoni.fr\/#organization\",\"name\":\"Val\u00e9rie GERVASONI\",\"url\":\"https:\/\/valeriegervasoni.fr\/\",\"logo\":{\"@type\":\"ImageObject\",\"inLanguage\":\"fr-FR\",\"@id\":\"https:\/\/valeriegervasoni.fr\/#\/schema\/logo\/image\/\",\"url\":\"https:\/\/i0.wp.com\/valeriegervasoni.fr\/wp-content\/uploads\/2024\/12\/cropped-cropped-Beige-Simple-Elegant-Personal-LinkedIn-Banner-1.png?fit=1582%2C394&ssl=1\",\"contentUrl\":\"https:\/\/i0.wp.com\/valeriegervasoni.fr\/wp-content\/uploads\/2024\/12\/cropped-cropped-Beige-Simple-Elegant-Personal-LinkedIn-Banner-1.png?fit=1582%2C394&ssl=1\",\"width\":1582,\"height\":394,\"caption\":\"Val\u00e9rie GERVASONI\"},\"image\":{\"@id\":\"https:\/\/valeriegervasoni.fr\/#\/schema\/logo\/image\/\"},\"sameAs\":[\"https:\/\/www.facebook.com\/profile.php?id=100085889790734\",\"https:\/\/www.facebook.com\/profile.php?id=100082958982464\"]}]}<\/script>\n<!-- \/ Yoast SEO plugin. -->","yoast_head_json":{"title":"Formation Communication Animale et V\u00e9g\u00e9tale - Le WE du 29 et 30 mars 2025 - Val\u00e9rie GERVASONI","description":"Val\u00e9rie Gervasoni Formation reiki communication animale et v\u00e9g\u00e9tale Villard de Lans vercors","robots":{"index":"index","follow":"follow","max-snippet":"max-snippet:-1","max-image-preview":"max-image-preview:large","max-video-preview":"max-video-preview:-1"},"canonical":"https:\/\/valeriegervasoni.fr\/index.php\/evenement\/formation-reiki-usui-niveau-2-le-we-du-05-et-06-avril-2025\/","og_locale":"fr_FR","og_type":"article","og_title":"Formation Communication Animale et V\u00e9g\u00e9tale - Le WE du 29 et 30 mars 2025 - Val\u00e9rie GERVASONI","og_description":"Val\u00e9rie Gervasoni Formation reiki communication animale et v\u00e9g\u00e9tale Villard de Lans vercors","og_url":"https:\/\/valeriegervasoni.fr\/index.php\/evenement\/formation-reiki-usui-niveau-2-le-we-du-05-et-06-avril-2025\/","og_site_name":"Val\u00e9rie GERVASONI","article_publisher":"https:\/\/www.facebook.com\/profile.php?id=100085889790734","article_modified_time":"2025-01-04T11:37:12+00:00","twitter_card":"summary_large_image","twitter_misc":{"Dur\u00e9e de lecture estim\u00e9e":"1 minute"},"schema":{"@context":"https:\/\/schema.org","@graph":[{"@type":"WebPage","@id":"https:\/\/valeriegervasoni.fr\/index.php\/evenement\/formation-reiki-usui-niveau-2-le-we-du-05-et-06-avril-2025\/","url":"https:\/\/valeriegervasoni.fr\/index.php\/evenement\/formation-reiki-usui-niveau-2-le-we-du-05-et-06-avril-2025\/","name":"Formation Communication Animale et V\u00e9g\u00e9tale - Le WE du 29 et 30 mars 2025 - Val\u00e9rie GERVASONI","isPartOf":{"@id":"https:\/\/valeriegervasoni.fr\/#website"},"datePublished":"2024-10-11T15:50:53+00:00","dateModified":"2025-01-04T11:37:12+00:00","description":"Val\u00e9rie Gervasoni Formation reiki communication animale et v\u00e9g\u00e9tale Villard de Lans vercors","breadcrumb":{"@id":"https:\/\/valeriegervasoni.fr\/index.php\/evenement\/formation-reiki-usui-niveau-2-le-we-du-05-et-06-avril-2025\/#breadcrumb"},"inLanguage":"fr-FR","potentialAction":[{"@type":"ReadAction","target":["https:\/\/valeriegervasoni.fr\/index.php\/evenement\/formation-reiki-usui-niveau-2-le-we-du-05-et-06-avril-2025\/"]}]},{"@type":"BreadcrumbList","@id":"https:\/\/valeriegervasoni.fr\/index.php\/evenement\/formation-reiki-usui-niveau-2-le-we-du-05-et-06-avril-2025\/#breadcrumb","itemListElement":[{"@type":"ListItem","position":1,"name":"Accueil","item":"https:\/\/valeriegervasoni.fr\/"},{"@type":"ListItem","position":2,"name":"\u00c9v\u00e8nements","item":"https:\/\/valeriegervasoni.fr\/index.php\/evenements\/"},{"@type":"ListItem","position":3,"name":"Formation Communication Animale et V\u00e9g\u00e9tale &#8211; Le WE du 29 et 30 mars 2025"}]},{"@type":"WebSite","@id":"https:\/\/valeriegervasoni.fr\/#website","url":"https:\/\/valeriegervasoni.fr\/","name":"Val\u00e9rie GERVASONI","description":"SE CONNECTER AU VIVANT POUR S\u2019OUVRIR A UN MONDE PLUS GRAND","publisher":{"@id":"https:\/\/valeriegervasoni.fr\/#organization"},"potentialAction":[{"@type":"SearchAction","target":{"@type":"EntryPoint","urlTemplate":"https:\/\/valeriegervasoni.fr\/?s={search_term_string}"},"query-input":{"@type":"PropertyValueSpecification","valueRequired":true,"valueName":"search_term_string"}}],"inLanguage":"fr-FR"},{"@type":"Organization","@id":"https:\/\/valeriegervasoni.fr\/#organization","name":"Val\u00e9rie GERVASONI","url":"https:\/\/valeriegervasoni.fr\/","logo":{"@type":"ImageObject","inLanguage":"fr-FR","@id":"https:\/\/valeriegervasoni.fr\/#\/schema\/logo\/image\/","url":"https:\/\/i0.wp.com\/valeriegervasoni.fr\/wp-content\/uploads\/2024\/12\/cropped-cropped-Beige-Simple-Elegant-Personal-LinkedIn-Banner-1.png?fit=1582%2C394&ssl=1","contentUrl":"https:\/\/i0.wp.com\/valeriegervasoni.fr\/wp-content\/uploads\/2024\/12\/cropped-cropped-Beige-Simple-Elegant-Personal-LinkedIn-Banner-1.png?fit=1582%2C394&ssl=1","width":1582,"height":394,"caption":"Val\u00e9rie GERVASONI"},"image":{"@id":"https:\/\/valeriegervasoni.fr\/#\/schema\/logo\/image\/"},"sameAs":["https:\/\/www.facebook.com\/profile.php?id=100085889790734","https:\/\/www.facebook.com\/profile.php?id=100082958982464"]}]}},"jetpack_sharing_enabled":true,"_links":{"self":[{"href":"https:\/\/valeriegervasoni.fr\/index.php\/wp-json\/wp\/v2\/tribe_events\/1725","targetHints":{"allow":["GET"]}}],"collection":[{"href":"https:\/\/valeriegervasoni.fr\/index.php\/wp-json\/wp\/v2\/tribe_events"}],"about":[{"href":"https:\/\/valeriegervasoni.fr\/index.php\/wp-json\/wp\/v2\/types\/tribe_events"}],"author":[{"embeddable":true,"href":"https:\/\/valeriegervasoni.fr\/index.php\/wp-json\/wp\/v2\/users\/1"}],"version-history":[{"count":4,"href":"https:\/\/valeriegervasoni.fr\/index.php\/wp-json\/wp\/v2\/tribe_events\/1725\/revisions"}],"predecessor-version":[{"id":2141,"href":"https:\/\/valeriegervasoni.fr\/index.php\/wp-json\/wp\/v2\/tribe_events\/1725\/revisions\/2141"}],"wp:attachment":[{"href":"https:\/\/valeriegervasoni.fr\/index.php\/wp-json\/wp\/v2\/media?parent=1725"}],"wp:term":[{"taxonomy":"post_tag","embeddable":true,"href":"https:\/\/valeriegervasoni.fr\/index.php\/wp-json\/wp\/v2\/tags?post=1725"},{"taxonomy":"tribe_events_cat","embeddable":true,"href":"https:\/\/valeriegervasoni.fr\/index.php\/wp-json\/wp\/v2\/tribe_events_cat?post=1725"}],"curies":[{"name":"wp","href":"https:\/\/api.w.org\/{rel}","templated":true}]}}